{"id":1193,"date":"2024-04-25T14:13:31","date_gmt":"2024-04-25T12:13:31","guid":{"rendered":"http:\/\/restauranteabadestriana.test\/politique-de-confidentialite\/"},"modified":"2024-06-25T16:33:53","modified_gmt":"2024-06-25T14:33:53","slug":"politique-de-confidentialite","status":"publish","type":"page","link":"https:\/\/abadestriana.com\/fr\/politique-de-confidentialite\/","title":{"rendered":"Politique de confidentialit\u00e9"},"content":{"rendered":"\n<p><em>Nous respectons les dispositions des obligations \u00e9nonc\u00e9es au deuxi\u00e8me paragraphe de l&rsquo;article 22 de la loi 34\/2002, du 11 juillet, sur les services de la soci\u00e9t\u00e9 de l&rsquo;information et le commerce \u00e9lectronique (ci-apr\u00e8s, LSSI), en relation avec le r\u00e8glement (UE) 2016\/679 du Parlement europ\u00e9en et du Conseil, du 27 avril 2016, Protection g\u00e9n\u00e9rale des donn\u00e9es (ci-apr\u00e8s, RGPD) et la loi organique 3\/2018, du 5 d\u00e9cembre, sur la protection des donn\u00e9es et la garantie des droits num\u00e9riques (ci-apr\u00e8s, LOPDGDD).<\/em><\/p>\n\n<p>La pr\u00e9sente politique de confidentialit\u00e9 de UNION DE EMPRESAS ABADES, S.L., ci-apr\u00e8s, le fournisseur, informe sur le traitement que nous faisons des donn\u00e9es personnelles que vous fournissez ou fournirez dans votre navigation, et sur la politique de protection des donn\u00e9es qui sera appliqu\u00e9e \u00e0 ces donn\u00e9es, afin que les utilisateurs puissent d\u00e9terminer librement et volontairement s&rsquo;ils souhaitent les fournir, en continuant la navigation.<\/p>\n\n<h3 class=\"wp-block-heading\">1. QUI EST RESPONSABLE DU TRAITEMENT DE VOS DONN\u00c9ES ?<\/h3>\n\n<p>Le contr\u00f4leur des donn\u00e9es est l&rsquo;entit\u00e9 commerciale <strong>UNION DE EMPRESAS ABADES, S.L<\/strong> CIF n\u00ba : B19510510 et inscrite au registre du commerce de Grenade, volume : 1477, livre : 0, folio : 196, page : GR-42477 Inscription 1.<\/p>\n\n<p>Uni\u00f3n de Empresas Abades SL peut agir en tant que seul responsable ou co-responsable du traitement des donn\u00e9es avec n&rsquo;importe laquelle des entreprises qui composent le groupe Abades dans le cadre de la relation suivante :<\/p>\n\n<p><a href=\"https:\/\/www.abades.com\/dominios-empresas\/\" target=\"_blank\" rel=\"noreferrer noopener\"><\/a><a href=\"https:\/\/www.abades.com\/dominios-empresas\/\">Domaines et entreprises du groupe Abades<\/a><\/p>\n\n<p><strong>Coordonn\u00e9es \u00e0 des fins de protection des donn\u00e9es :<\/strong><\/p>\n\n<ul class=\"wp-block-list\">\n<li>Si\u00e8ge social : Autov\u00eda A92 km. 189 &#8211; 18300 Loja &#8211; Granada (Espagne)<\/li>\n\n\n\n<li>Num\u00e9ro de t\u00e9l\u00e9phone : +34 958 327 200<\/li>\n\n\n\n<li>Courriel : <a href=\"mailto:lopd@abades.com\">lopd@abades.com<\/a><\/li>\n\n\n\n<li>Sur le lien suivant <a href=\"https:\/\/derechos.datagestion.net\/UEABADES\">: https:\/\/derechos.datagestion.net\/UEABADES<\/a><\/li>\n<\/ul>\n\n<h3 class=\"wp-block-heading\">2. \u00c0 QUELLES FINS ET POUR QUELS MOTIFS TRAITONS-NOUS VOS DONN\u00c9ES \u00c0 CARACT\u00c8RE PERSONNEL ?<\/h3>\n\n<p><em>Le traitement de vos donn\u00e9es poursuit les finalit\u00e9s suivantes, avec la l\u00e9gitimit\u00e9 correspondante que nous exposons ci-dessous<\/em>.<\/p>\n\n<p><em>(*) Dans les cas o\u00f9, pour effectuer une demande, il est n\u00e9cessaire de remplir un formulaire et de cliquer sur le bouton d&rsquo;envoi, le fait de remplir ce formulaire implique n\u00e9cessairement que vous avez \u00e9t\u00e9 inform\u00e9 et que vous avez express\u00e9ment donn\u00e9 votre consentement et votre acceptation de la politique de protection de la vie priv\u00e9e.<\/em><\/p>\n\n<p><em>Tous nos formulaires comportent des cases \u00e0 cocher pour acc\u00e9der aux services propos\u00e9s.<\/em><\/p>\n\n<p><strong>1. la fourniture du service, le<\/strong><strong>d\u00e9veloppement et l&rsquo;ex\u00e9cution du service<\/strong>.<\/p>\n\n<p><strong>Objet :<\/strong><\/p>\n\n<p>Nous traitons vos donn\u00e9es personnelles afin de (i) g\u00e9rer le service demand\u00e9 ; (ii) y donner suite et vous envoyer des informations par voie \u00e9lectronique concernant votre demande.<\/p>\n\n<p><strong>L\u00e9gitimation :<\/strong><\/p>\n\n<p>La base du droit est la prestation d&rsquo;un service sur la base d&rsquo;un contrat ou d&rsquo;un pr\u00e9contrat (prestation de services qui nous lie \u00e0 vous).<\/p>\n\n<p><strong>2. Contact sur le site web.<\/strong><\/p>\n\n<p><strong>Objet :<\/strong><\/p>\n\n<p>Pour vous envoyer les informations demand\u00e9es et r\u00e9pondre \u00e0 toute question que vous pourriez avoir par l&rsquo;interm\u00e9diaire des sections de contact mises \u00e0 votre disposition sur le site web.<\/p>\n\n<p>Nous vous informons que vos appels t\u00e9l\u00e9phoniques peuvent \u00eatre enregistr\u00e9s afin d&rsquo;am\u00e9liorer la qualit\u00e9 de notre service \u00e0 la client\u00e8le et d&rsquo;effectuer la passation de march\u00e9s pour nos services. Si tel est le cas, vous en serez inform\u00e9 \u00e0 l&rsquo;avance.<\/p>\n\n<p><strong>L\u00e9gitimation :<\/strong><\/p>\n\n<p>La base de la l\u00e9gitimit\u00e9 est le consentement donn\u00e9 et l&rsquo;int\u00e9r\u00eat l\u00e9gitime.<\/p>\n\n<p><strong>3. marketing<\/strong><\/p>\n\n<p><strong>Objet :<\/strong><\/p>\n\n<p>l&rsquo;envoi de communications, de nouvelles ou d&rsquo;actions qui vous int\u00e9ressent et que vous demandez. S&rsquo;agissant d&rsquo;une finalit\u00e9 accessoire \u00e0 la finalit\u00e9 principale, vous devez cocher la case pr\u00e9vue \u00e0 cet effet.<\/p>\n\n<p>Par exemple, <em>lorsque vous acceptez de recevoir des informations personnalis\u00e9es par divers moyens<\/em>.<\/p>\n\n<p>Afin de pouvoir vous proposer des produits et services mieux adapt\u00e9s \u00e0 vos besoins, nous pouvons vous informer des offres et promotions qui vous int\u00e9ressent par le biais de communications publicitaires commerciales par courrier \u00e9lectronique ou par tout autre moyen \u00e9lectronique ou physique, pr\u00e9sent ou futur, permettant de telles communications. Elles seront effectu\u00e9es par nos soins et seront toujours li\u00e9es \u00e0 nos services ou \u00e0 ceux des soci\u00e9t\u00e9s du groupe Abades.<\/p>\n\n<p>Dans le cas d&rsquo;une inscription \u00e0 l&rsquo;une de nos lettres d&rsquo;information, pr\u00e9sentes ou futures, il est n\u00e9cessaire que vous nous fournissiez une adresse \u00e9lectronique \u00e0 laquelle seront envoy\u00e9es les informations relatives \u00e0 notre activit\u00e9, comme indiqu\u00e9, vous consentez donc \u00e0 l&rsquo;utilisation de vos donn\u00e9es personnelles pour l&rsquo;envoi de publicit\u00e9 ou d&rsquo;autres activit\u00e9s de marketing. Celles-ci seront stock\u00e9es et utilis\u00e9es en permanence pour ces usages, tels que l&rsquo;envoi des bulletins d&rsquo;information susmentionn\u00e9s, des nouvelles, par le biais de canaux de communication tels que le courrier \u00e9lectronique, les SMS, WhatsApp, la poste ou tout autre canal autoris\u00e9 par vous. Nous pouvons utiliser vos donn\u00e9es pour cr\u00e9er et mettre \u00e0 jour votre profil d&rsquo;utilisateur afin de vous envoyer des informations personnalis\u00e9es sur la publicit\u00e9 ou les promotions. Nous pouvons \u00e9galement utiliser les informations que vous nous fournissez pour analyser et am\u00e9liorer l&rsquo;efficacit\u00e9 des produits\/services de notre site web, de la publicit\u00e9, du marketing, des \u00e9tudes de march\u00e9 et des activit\u00e9s de vente.<\/p>\n\n<p>Afin d&rsquo;atteindre l&rsquo;objectif susmentionn\u00e9, nous cr\u00e9erons un profil marketing sur la base des informations fournies, mais nous ne prendrons pas de d\u00e9cisions automatis\u00e9es sur la base de ce profil.<\/p>\n\n<p><strong>L\u00e9gitimation :<\/strong><\/p>\n\n<p>La base l\u00e9gitime du traitement de vos donn\u00e9es \u00e0 des fins de marketing est le consentement que vous nous donnez.<\/p>\n\n<p><strong>4. Offres d&#8217;emploi \/ envoi de CV<\/strong><\/p>\n\n<p><strong>Objet :<\/strong><\/p>\n\n<p>Participer aux processus de s\u00e9lection que nous pouvons mettre en \u0153uvre.<\/p>\n\n<p>Nous inclurons les CV que nous recevons dans nos processus de recrutement. Si vous nous envoyez votre curriculum vitae \u00e0 l&rsquo;adresse \u00e9lectronique <a href=\"mailto:cv@abades.com\">cv@abades.com<\/a> ou en utilisant le formulaire de CV et de ressources humaines pr\u00e9vu \u00e0 cet effet, vous nous autorisez \u00e0 analyser les documents que vous nous envoyez afin d&rsquo;\u00e9valuer votre candidature et, le cas \u00e9ch\u00e9ant, de vous proposer un poste dans l&rsquo;une des entreprises qui composent le <a href=\"https:\/\/www.abades.com\/dominios-empresas\/\" target=\"_blank\" rel=\"noreferrer noopener\">groupe Abades<\/a>.<\/p>\n\n<p>Si vous n&rsquo;\u00eates pas s\u00e9lectionn\u00e9, nous pouvons conserver votre CV pour de futurs appels \u00e0 candidatures pendant une dur\u00e9e maximale d&rsquo;un an, sauf avis contraire de votre part.<\/p>\n\n<p><strong>L\u00e9gitimation :<\/strong><\/p>\n\n<p>Consentement explicite lorsque vous nous envoyez votre CV. <strong>Pour ce faire, vous devez accepter les informations relatives \u00e0 la politique de confidentialit\u00e9 appliqu\u00e9e au curriculum indiqu\u00e9 \u00e0 la fin du formulaire avant de l&rsquo;envoyer<\/strong>.<\/p>\n\n<p><strong>5. Utilisation de cookies<\/strong><\/p>\n\n<p><strong>Objet :<\/strong><\/p>\n\n<p>Lorsque vous naviguez sur notre site web, nous pouvons collecter des informations par le biais de cookies plac\u00e9s sur notre site web. L&rsquo;objectif est d&rsquo;acqu\u00e9rir des connaissances sur la mani\u00e8re dont les utilisateurs se servent de notre site web et de nous permettre de l&rsquo;am\u00e9liorer, et\/ou d&rsquo;effectuer des analyses de performance. Les donn\u00e9es susmentionn\u00e9es sont stock\u00e9es au moyen de cookies et peuvent faire l&rsquo;objet d&rsquo;une opposition au traitement de ces donn\u00e9es, comme indiqu\u00e9 dans la politique relative aux cookies. Vous pouvez consulter la <a href=\"https:\/\/www.abades.com\/cookies\/\">politique en mati\u00e8re de cookies<\/a> dans la section correspondante de notre site web.<\/p>\n\n<p>Vos informations de navigation peuvent \u00eatre stock\u00e9es par Google Analytics, pour lequel nous nous r\u00e9f\u00e9rons \u00e0 la politique de confidentialit\u00e9 de Google, car Google collecte et traite ces informations <a href=\"http:\/\/www.google.com\/intl\/en\/policies\/privacy\">: http:\/\/www.google.com\/intl\/en\/policies\/privacy<\/a><\/p>\n\n<p>De m\u00eame, notre site web peut fournir l&rsquo;utilitaire Google Maps, qui peut avoir acc\u00e8s \u00e0 votre localisation, si vous l&rsquo;y autorisez, afin de vous fournir une plus grande sp\u00e9cificit\u00e9 sur la distance et\/ou les chemins d&rsquo;acc\u00e8s \u00e0 nos \u00e9tablissements. \u00c0 cet \u00e9gard, nous vous renvoyons \u00e0 la politique de confidentialit\u00e9 utilis\u00e9e par Google Maps, afin de conna\u00eetre l&rsquo;utilisation et le traitement de ces donn\u00e9es <a href=\"http:\/\/www.google.com\/intl\/en\/policies\/privacy\/\">: http:\/\/www.google.com\/intl\/en\/policies\/privacy\/<\/a><\/p>\n\n<p><strong>L\u00e9gitimation :<\/strong><\/p>\n\n<p>La base juridique du traitement des donn\u00e9es est notre (i) l&rsquo;int\u00e9r\u00eat l\u00e9gitime \u00e0 conna\u00eetre les habitudes de navigation de nos utilisateurs afin de s&rsquo;adapter \u00e0 leurs int\u00e9r\u00eats et d&rsquo;am\u00e9liorer nos relations avec eux ; ainsi que (ii) votre consentement \u00e0 naviguer sur notre site web et \u00e0 accepter les conditions d&rsquo;utilisation des cookies.<\/p>\n\n<p><strong>6. Contacts avec les m\u00e9dias sociaux et les blogs.<\/strong><\/p>\n\n<p><strong>Objet :<\/strong><\/p>\n\n<p>Le site web peut h\u00e9berger des blogs et d&rsquo;autres applications ou services de r\u00e9seaux sociaux dans le but de faciliter l&rsquo;\u00e9change de contenu. Toute information personnelle fournie par l&rsquo;utilisateur peut \u00eatre partag\u00e9e avec d&rsquo;autres utilisateurs de ce service, sur lesquels nous n&rsquo;avons aucun contr\u00f4le.<\/p>\n\n<p>Nous traitons vos donn\u00e9es personnelles afin de (i) r\u00e9pondre \u00e0 vos questions et demandes, (ii) g\u00e9rer le service demand\u00e9, interagir avec vous et cr\u00e9er une communaut\u00e9 d&rsquo;adeptes.<\/p>\n\n<p>Le site web peut offrir des fonctionnalit\u00e9s de partage de contenu par le biais d&rsquo;applications tierces, telles que Facebook, Twitter, LinKedIn Instagram, WhatsApp, etc. Ces applications peuvent collecter et traiter des informations relatives \u00e0 la navigation de l&rsquo;utilisateur sur les diff\u00e9rents sites web. Toute information personnelle collect\u00e9e par le biais de ces applications peut \u00eatre utilis\u00e9e par des utilisateurs tiers de ces applications. Vos interactions sont soumises aux politiques de confidentialit\u00e9 des entreprises qui fournissent les applications.<\/p>\n\n<p><strong>L\u00e9gitimation :<\/strong><\/p>\n\n<p>La base juridique du traitement de vos donn\u00e9es est l&rsquo;acceptation de la relation contractuelle avec le fournisseur de r\u00e9seau social concern\u00e9, exprim\u00e9e lorsque vous vous inscrivez \u00e0 son application et conform\u00e9ment \u00e0 sa politique de confidentialit\u00e9, qui nous est ext\u00e9rieure et sur laquelle nous n&rsquo;avons aucun contr\u00f4le.<\/p>\n\n<p><strong>7. Exercice des droits ou plaintes en mati\u00e8re de protection des donn\u00e9es<\/strong><\/p>\n\n<p><strong>Objet :<\/strong><\/p>\n\n<p>Lorsque votre demande est li\u00e9e \u00e0 l&rsquo;exercice des droits de protection des donn\u00e9es dont nous vous informons ci-dessous, ou \u00e0 des r\u00e9clamations li\u00e9es \u00e0 nos produits ou services, il s&rsquo;agit de traiter la demande ou la r\u00e9clamation de l&rsquo;utilisateur. Dans le cadre de ces obligations, nous pouvons divulguer vos donn\u00e9es aux administrations publiques et aux tribunaux, \u00e0 condition que ces informations soient requises conform\u00e9ment aux proc\u00e9dures l\u00e9gales \u00e9tablies.<\/p>\n\n<p><strong>L\u00e9gitimation :<\/strong><\/p>\n\n<p>Ce qui nous l\u00e9gitime \u00e0 traiter vos donn\u00e9es, c&rsquo;est l&rsquo;accomplissement d&rsquo;obligations l\u00e9gales de notre part.<\/p>\n\n<p>Enfin, lorsqu&rsquo;il existe des services ou des applications, ceux-ci doivent contenir leurs conditions particuli\u00e8res avec des dispositions sp\u00e9cifiques sur la protection des donn\u00e9es \u00e0 caract\u00e8re personnel. Il doit \u00eatre lu et accept\u00e9 avant de demander le service en question.<\/p>\n\n<p><strong>8. Enregistrement de l&rsquo;utilisateur\/contr\u00f4le :<\/strong><\/p>\n\n<p><strong>Objet :<\/strong><\/p>\n\n<p>REGISTRE :<\/p>\n\n<p>Il s&rsquo;agit de la gestion des utilisateurs enregistr\u00e9s sur le site web, ainsi que de l&rsquo;obtention de coupons de r\u00e9duction, du suivi de vos achats, du suivi de vos commandes.<\/p>\n\n<p>FAIRE UN ACHAT :<\/p>\n\n<p>L&rsquo;objectif principal de ce traitement est de maintenir la relation contractuelle avec nos clients, de faciliter le traitement des commandes, des remises et des promotions de produits et de services.<\/p>\n\n<p>Nous traitons donc vos donn\u00e9es \u00e0 caract\u00e8re personnel aux fins suivantes (i) g\u00e9rer le service fourni ; (ii) vous envoyer des informations par voie \u00e9lectronique concernant votre demande.<\/p>\n\n<p>L&rsquo;ENREGISTREMENT DES SOCI\u00c9T\u00c9S :<\/p>\n\n<p>Vous pourrez vous inscrire pour b\u00e9n\u00e9ficier de r\u00e9ductions sur les r\u00e9servations.<\/p>\n\n<p>PLATE-FORME DE PAIEMENT :<\/p>\n\n<p>Pouvoir g\u00e9rer vos paiements en ligne rapidement et en toute s\u00e9curit\u00e9.<\/p>\n\n<p><strong>L\u00e9gitimation :<\/strong><\/p>\n\n<p>La base de l\u00e9gitimit\u00e9 est la fourniture d&rsquo;un service sur la base d&rsquo;un contrat ou d&rsquo;un pr\u00e9-contrat de vente et du consentement de l&rsquo;utilisateur.<\/p>\n\n<p>Grupo Abades assure la confidentialit\u00e9 des donn\u00e9es fournies et garantit qu&rsquo;en aucun cas elles ne seront c\u00e9d\u00e9es pour un autre usage sans le consentement pr\u00e9alable et expr\u00e8s de nos utilisateurs. Nous ne vous demanderons que les donn\u00e9es n\u00e9cessaires \u00e0 la fourniture du service demand\u00e9 et qui ne seront utilis\u00e9es qu&rsquo;\u00e0 cette fin.<\/p>\n\n<p><strong>9. Envoi de factures :<\/strong><\/p>\n\n<p><strong>Objet :<\/strong><\/p>\n\n<p>Apr\u00e8s avoir rempli le formulaire pr\u00e9vu \u00e0 cet effet, nous pourrons vous envoyer la (les) facture(s) demand\u00e9e(s).<\/p>\n\n<p><strong>L\u00e9gitimation :<\/strong><\/p>\n\n<p>Ex\u00e9cution d&rsquo;une obligation l\u00e9gale.<\/p>\n\n<h3 class=\"wp-block-heading\">3. QUEL TYPE DE DONN\u00c9ES TRAITONS-NOUS ET COMMENT LES COLLECTONS-NOUS ?<\/h3>\n\n<p>Aux fins d\u00e9crites dans la section pr\u00e9c\u00e9dente, un ensemble de donn\u00e9es personnelles est trait\u00e9, qui peut \u00eatre divis\u00e9 selon les sources suivantes :<\/p>\n\n<ul class=\"wp-block-list\">\n<li><strong>Donn\u00e9es fournies directement par l&rsquo;utilisateur :<\/strong><\/li>\n<\/ul>\n\n<p>Au moment de l&rsquo;envoi par le biais des diff\u00e9rents formulaires pr\u00e9vus sur le site web ou par tout autre moyen \u00e0 votre disposition.<\/p>\n\n<p>L&rsquo;utilisateur garantit que les donn\u00e9es fournies pour la prestation des services demand\u00e9s sont conformes \u00e0 la r\u00e9alit\u00e9 et qu&rsquo;il communiquera toute modification susceptible de les affecter. Par cons\u00e9quent, l&rsquo;utilisateur est responsable envers le prestataire de tout dommage caus\u00e9 par la violation des obligations pr\u00e9vues dans la pr\u00e9sente clause.<\/p>\n\n<ul class=\"wp-block-list\">\n<li><strong>Donn\u00e9es collect\u00e9es indirectement :<\/strong><\/li>\n<\/ul>\n\n<p>Toutes les donn\u00e9es que, si vous avez donn\u00e9 votre consentement, le fournisseur recueille \u00e0 partir de la typologie des sources externes.<\/p>\n\n<ul class=\"wp-block-list\">\n<li><strong>Donn\u00e9es d\u00e9riv\u00e9es de la fourniture du service lui-m\u00eame.<\/strong><\/li>\n<\/ul>\n\n<p>Tous ceux qui sont collect\u00e9s lors de la prestation du service.<\/p>\n\n<h3 class=\"wp-block-heading\">4. COMBIEN DE TEMPS CONSERVERONS-NOUS VOS DONN\u00c9ES ?<\/h3>\n\n<p>Vos donn\u00e9es personnelles seront conserv\u00e9es aussi longtemps qu&rsquo;elles sont n\u00e9cessaires \u00e0 l&rsquo;ex\u00e9cution de la relation contractuelle. Une fois ce d\u00e9lai \u00e9coul\u00e9, les donn\u00e9es seront effac\u00e9es conform\u00e9ment aux dispositions du r\u00e8glement sur la protection des donn\u00e9es, ce qui implique leur blocage, leur mise \u00e0 disposition uniquement \u00e0 la demande des juges et des tribunaux, du minist\u00e8re public ou des administrations publiques comp\u00e9tentes, en particulier de l&rsquo;autorit\u00e9 charg\u00e9e de la protection des donn\u00e9es, pendant le d\u00e9lai de prescription des actions \u00e9ventuelles, en vue de leur effacement ult\u00e9rieur.<\/p>\n\n<p>Les d\u00e9lais de prescription varient en fonction du type de signification ou de notification, mais \u00e0 titre d&rsquo;exemple, le d\u00e9lai de prescription pour la plupart des actions civiles personnelles est g\u00e9n\u00e9ralement de 5 ans.<\/p>\n\n<p>Outre le traitement g\u00e9n\u00e9ral du point pr\u00e9c\u00e9dent, les particularit\u00e9s suivantes concernant la conservation des donn\u00e9es doivent \u00eatre respect\u00e9es :<\/p>\n\n<ul class=\"wp-block-list\">\n<li><strong>Donn\u00e9es relatives aux clients<\/strong>: dur\u00e9e de conservation de 4 ans (art. 66 et suivants de la loi g\u00e9n\u00e9rale sur les imp\u00f4ts), et de 6 ans pour les livres comptables et les factures (art. 30 du code du commerce). Service client\u00e8le : Nous traiterons vos donn\u00e9es aussi longtemps que n\u00e9cessaire pour traiter votre demande ou votre requ\u00eate.<\/li>\n\n\n\n<li><strong>Donn\u00e9es contenues dans les curriculums vitae<\/strong>: un an maximum pour les processus de s\u00e9lection futurs, sauf indication contraire de votre part.<\/li>\n\n\n\n<li><strong>Donn\u00e9es fournies dans le but de recevoir des communications commerciales et des communications d&rsquo;int\u00e9r\u00eat<\/strong>: \u00e0 partir du moment o\u00f9 l&rsquo;utilisateur donne son consentement jusqu&rsquo;\u00e0 ce qu&rsquo;il le retire.<\/li>\n<\/ul>\n\n<h3 class=\"wp-block-heading\">5. QUELS SONT VOS DROITS LORSQUE VOUS NOUS FOURNISSEZ VOS DONN\u00c9ES ?<\/h3>\n\n<p>La r\u00e9glementation en mati\u00e8re de protection des donn\u00e9es vous conf\u00e8re un certain nombre de droits relatifs au traitement des donn\u00e9es dans le cadre de nos services, qui peuvent \u00eatre r\u00e9sum\u00e9s comme suit :<\/p>\n\n<ul class=\"wp-block-list\">\n<li>Droit d&rsquo;acc\u00e8s : pour conna\u00eetre le type de donn\u00e9es que nous traitons et les caract\u00e9ristiques du traitement que nous effectuons.<\/li>\n\n\n\n<li>Droit de rectification : pouvoir demander la modification de vos donn\u00e9es si elles sont inexactes ou erron\u00e9es.<\/li>\n\n\n\n<li>Droit \u00e0 la portabilit\u00e9 : pouvoir obtenir une copie dans un format interop\u00e9rable des donn\u00e9es trait\u00e9es.<\/li>\n\n\n\n<li>Le droit \u00e0 la limitation du traitement, dans les cas pr\u00e9vus par la loi.<\/li>\n\n\n\n<li>Droit d&rsquo;effacement : demandez l&rsquo;effacement de vos donn\u00e9es lorsque le traitement n&rsquo;est plus n\u00e9cessaire.<\/li>\n\n\n\n<li>Droit d&rsquo;opposition : demander la cessation de l&rsquo;envoi de communications commerciales dans les conditions indiqu\u00e9es.<\/li>\n\n\n\n<li>Droit de r\u00e9voquer le consentement donn\u00e9.<\/li>\n<\/ul>\n\n<p><strong>Pour exercer ces droits, vous devez envoyer une demande expresse, accompagn\u00e9e d&rsquo;une copie de votre carte d&rsquo;identit\u00e9 ou d&rsquo;un document d&rsquo;accr\u00e9ditation \u00e9quivalent, par les moyens indiqu\u00e9s ci-dessous. Si vous ne recevez pas de r\u00e9ponse de notre part en temps et en forme, ou si la r\u00e9ponse ne vous satisfait pas, nous vous informons que l&rsquo;autorit\u00e9 de contr\u00f4le comp\u00e9tente est l&rsquo;Agence espagnole de protection des donn\u00e9es.<\/strong> <a href=\"http:\/\/www.aepd.es\/\">(www.aepd.es<\/a> ).<\/p>\n\n<ul class=\"wp-block-list\">\n<li>EMAIL adress\u00e9 \u00e0 <a href=\"mailto:lopd@abades.com\">lopd@abades.com<\/a> avec pour objet la <strong>protection des donn\u00e9es<\/strong>.<\/li>\n<\/ul>\n\n<p>Cette soumission doit \u00eatre effectu\u00e9e \u00e0 partir de l&rsquo;adresse \u00e9lectronique que vous avez indiqu\u00e9e sur le(s) formulaire(s). Dans le cas contraire, ils ne vous seront pas pr\u00e9sent\u00e9s, votre identit\u00e9 n&rsquo;\u00e9tant pas consid\u00e9r\u00e9e comme suffisamment prouv\u00e9e.<\/p>\n\n<ul class=\"wp-block-list\">\n<li>Via le lien suivant <a href=\"https:\/\/derechos.datagestion.net\/UEABADES\">: https:\/\/derechos.datagestion.net\/UEABADES<\/a><\/li>\n<\/ul>\n\n<p>Sur le site de l&rsquo;Agence espagnole de protection des donn\u00e9es (AEPD), vous trouverez une s\u00e9rie de mod\u00e8les qui vous aideront \u00e0 exercer vos droits.<\/p>\n\n<h3 class=\"wp-block-heading\">5. CIBLE<\/h3>\n\n<p>Les utilisateurs sont express\u00e9ment inform\u00e9s qu&rsquo;en aucun cas les donn\u00e9es personnelles ne seront transmises \u00e0 des tiers, sauf en cas d&rsquo;obligation l\u00e9gale ou dans les cas d\u00e9crits ci-dessous. Toute exception \u00e0 cette r\u00e8gle n\u00e9cessitera votre consentement pr\u00e9alable, expr\u00e8s, \u00e9clair\u00e9 et sans ambigu\u00eft\u00e9.<\/p>\n\n<ul class=\"wp-block-list\">\n<li>Pour remplir nos obligations, nous pouvons divulguer vos donn\u00e9es \u00e0 :<\/li>\n<\/ul>\n\n<p>les administrations publiques et les tribunaux, les forces de s\u00e9curit\u00e9 et les corps d&rsquo;arm\u00e9e lorsque ces informations sont requises conform\u00e9ment aux proc\u00e9dures l\u00e9gales \u00e9tablies.<\/p>\n\n<ul class=\"wp-block-list\">\n<li>Vos donn\u00e9es peuvent \u00eatre communiqu\u00e9es aux destinataires suivants \u00e0 des fins d&rsquo;achat :<\/li>\n<\/ul>\n\n<p>Banques pour le paiement des achats par carte de cr\u00e9dit.<\/p>\n\n<p>Au <em>Bureau des consommateurs et des usagers<\/em> en cas de plainte.<\/p>\n\n<p>Aux entreprises de transport qui peuvent avoir \u00e9t\u00e9 charg\u00e9es d&rsquo;envoyer les commandes correspondantes aux clients.<\/p>\n\n<ul class=\"wp-block-list\">\n<li>R\u00e9seaux sociaux :<\/li>\n<\/ul>\n\n<p>Si vous nous contactez par le biais de l&rsquo;un des profils d&rsquo;entreprise que nous avons sur les r\u00e9seaux sociaux et que nous mettons \u00e0 la disposition des utilisateurs, ces derniers pourront conna\u00eetre nos activit\u00e9s, nos opinions, acc\u00e9der \u00e0 des photos et \u00e0 des vid\u00e9os. En plus de nous fournir les donn\u00e9es que vous fournissez, vous les fournirez \u00e9galement aux entit\u00e9s responsables de ce r\u00e9seau social. Pour savoir comment ces entit\u00e9s utilisent et traitent vos donn\u00e9es, nous vous recommandons de lire attentivement les politiques de confidentialit\u00e9 des r\u00e9seaux sociaux sur lesquels vous \u00eates actif.<\/p>\n\n<h3 class=\"wp-block-heading\">6. MESURES DE S\u00c9CURIT\u00c9<\/h3>\n\n<p>Conform\u00e9ment aux dispositions de la r\u00e9glementation en vigueur en mati\u00e8re de protection des donn\u00e9es personnelles (R\u00e8glement (UE) 2016\/679 du Parlement europ\u00e9en et du Conseil du 27 avril 2016 et Loi organique 3\/2018 du 5 d\u00e9cembre sur la protection des donn\u00e9es personnelles et la garantie des droits num\u00e9riques), nous respectons toutes les dispositions relatives au traitement des donn\u00e9es \u00e0 caract\u00e8re personnel sous notre responsabilit\u00e9, et manifestement les principes d\u00e9crits \u00e0 l&rsquo;article 5 du RGPD, en vertu desquels elles sont trait\u00e9es de mani\u00e8re licite, loyale et transparente \u00e0 l&rsquo;\u00e9gard de la personne concern\u00e9e et d&rsquo;une mani\u00e8re ad\u00e9quate, pertinente et limit\u00e9e \u00e0 ce qui est n\u00e9cessaire au regard des finalit\u00e9s pour lesquelles elles sont trait\u00e9es.<\/p>\n\n<p>Le site Web utilise HTTPS (connexion s\u00e9curis\u00e9e). Il s&rsquo;agit d&rsquo;un protocole de s\u00e9curit\u00e9 qui fait voyager vos donn\u00e9es de mani\u00e8re int\u00e9grale et s\u00e9curis\u00e9e, c&rsquo;est-\u00e0-dire que la transmission des donn\u00e9es entre un serveur et un internaute, et en retour, est enti\u00e8rement crypt\u00e9e ou chiffr\u00e9e.<\/p>\n\n<p>Nous garantissons que nous avons mis en \u0153uvre les politiques techniques et organisationnelles appropri\u00e9es pour appliquer les mesures de s\u00e9curit\u00e9 \u00e9tablies par le RGPD et la LOPDGDD afin de prot\u00e9ger vos droits et libert\u00e9s, en vous fournissant toutes les informations n\u00e9cessaires pour que vous puissiez exercer vos droits. Nous avons mis en place tous les moyens et mesures techniques \u00e0 notre disposition pour \u00e9viter la perte, l&rsquo;utilisation abusive, l&rsquo;alt\u00e9ration, l&rsquo;acc\u00e8s non autoris\u00e9 et le vol des donn\u00e9es \u00e0 caract\u00e8re personnel que vous nous fournissez. Cependant, vous devez savoir que les mesures de s\u00e9curit\u00e9 sur l&rsquo;internet ne sont pas infaillibles.<\/p>\n\n<h3 class=\"wp-block-heading\">7. MINEURS<\/h3>\n\n<p>Les mineurs (14 ans) ne peuvent pas utiliser les services disponibles sur le site Web sans l&rsquo;autorisation pr\u00e9alable de leurs parents, tuteurs ou repr\u00e9sentants l\u00e9gaux, qui seront seuls responsables de tous les actes effectu\u00e9s sur le site Web par les mineurs dont ils ont la charge, y compris le fait de remplir les formulaires contenant les donn\u00e9es personnelles desdits mineurs et de cocher, le cas \u00e9ch\u00e9ant, les cases qui les accompagnent. Nous ne sommes pas responsables de la v\u00e9racit\u00e9 et de l&rsquo;exactitude des donn\u00e9es que vous remplissez.<\/p>\n\n<p>Le traitement des donn\u00e9es \u00e0 caract\u00e8re personnel d&rsquo;un mineur ne peut \u00eatre fond\u00e9 sur son consentement que s&rsquo;il est \u00e2g\u00e9 de plus de 14 ans.<\/p>\n\n<p>Les exceptions sont les cas o\u00f9 la loi exige l&rsquo;assistance des titulaires de l&rsquo;autorit\u00e9 parentale ou de la tutelle pour la conclusion de l&rsquo;acte juridique ou de la transaction dans le cadre de laquelle le consentement au traitement est demand\u00e9.<\/p>\n\n<p>Le traitement des donn\u00e9es des mineurs de moins de 14 ans, fond\u00e9 sur le consentement, n&rsquo;est licite que si le consentement du titulaire de l&rsquo;autorit\u00e9 parentale ou de la tutelle est donn\u00e9, dans la mesure d\u00e9termin\u00e9e par les titulaires de l&rsquo;autorit\u00e9 parentale ou de la tutelle.<\/p>\n\n<h3 class=\"wp-block-heading\">8. DUR\u00c9E ET MODIFICATION DE LA POLITIQUE DE CONFIDENTIALIT\u00c9<\/h3>\n\n<p>Nous nous r\u00e9servons le droit de modifier la pr\u00e9sente politique de confidentialit\u00e9, en tout ou en partie, en publiant les changements sur le site web. De m\u00eame, nous pouvons modifier, supprimer ou ajouter, sans pr\u00e9avis, aussi bien les contenus et les services fournis que la mani\u00e8re dont ils sont pr\u00e9sent\u00e9s. Par cons\u00e9quent, les conditions g\u00e9n\u00e9rales\/politiques publi\u00e9es au moment de l&rsquo;acc\u00e8s seront consid\u00e9r\u00e9es comme \u00e9tant en vigueur, et vous devrez donc les lire p\u00e9riodiquement.<\/p>\n\n<p>Nonobstant ce qui pr\u00e9c\u00e8de, nous pouvons r\u00e9silier, suspendre ou interrompre, \u00e0 tout moment et sans pr\u00e9avis, l&rsquo;acc\u00e8s au contenu du site web, sans que l&rsquo;utilisateur puisse pr\u00e9tendre \u00e0 une quelconque indemnisation.<\/p>\n","protected":false},"excerpt":{"rendered":"<p>Nous respectons les dispositions des obligations \u00e9nonc\u00e9es au deuxi\u00e8me paragraphe de l&rsquo;article 22 de la loi 34\/2002, du 11 juillet, sur les services de la soci\u00e9t\u00e9 de l&rsquo;information et le commerce \u00e9lectronique (ci-apr\u00e8s, LSSI), en relation avec le r\u00e8glement (UE) 2016\/679 du Parlement europ\u00e9en et du Conseil, du 27 avril 2016, Protection g\u00e9n\u00e9rale des donn\u00e9es <\/p>\n","protected":false},"author":1,"featured_media":0,"parent":0,"menu_order":0,"comment_status":"closed","ping_status":"closed","template":"","meta":{"_acf_changed":false,"inline_featured_image":false,"footnotes":""},"class_list":["post-1193","page","type-page","status-publish","hentry"],"acf":[],"yoast_head":"<!-- This site is optimized with the Yoast SEO plugin v26.8 - https:\/\/yoast.com\/product\/yoast-seo-wordpress\/ -->\n<title>Politique de confidentialit\u00e9 - Abades Triana Restaurante<\/title>\n<meta name=\"robots\" content=\"noindex, follow\" \/>\n<meta property=\"og:locale\" content=\"fr_FR\" \/>\n<meta property=\"og:type\" content=\"article\" \/>\n<meta property=\"og:title\" content=\"Politique de confidentialit\u00e9 - Abades Triana Restaurante\" \/>\n<meta property=\"og:description\" content=\"Nous respectons les dispositions des obligations \u00e9nonc\u00e9es au deuxi\u00e8me paragraphe de l&rsquo;article 22 de la loi 34\/2002, du 11 juillet, sur les services de la soci\u00e9t\u00e9 de l&rsquo;information et le commerce \u00e9lectronique (ci-apr\u00e8s, LSSI), en relation avec le r\u00e8glement (UE) 2016\/679 du Parlement europ\u00e9en et du Conseil, du 27 avril 2016, Protection g\u00e9n\u00e9rale des donn\u00e9es\" \/>\n<meta property=\"og:url\" content=\"https:\/\/abadestriana.com\/fr\/politique-de-confidentialite\/\" \/>\n<meta property=\"og:site_name\" content=\"Abades Triana Restaurante\" \/>\n<meta property=\"article:modified_time\" content=\"2024-06-25T14:33:53+00:00\" \/>\n<meta name=\"twitter:card\" content=\"summary_large_image\" \/>\n<meta name=\"twitter:label1\" content=\"Dur\u00e9e de lecture estim\u00e9e\" \/>\n\t<meta name=\"twitter:data1\" content=\"18 minutes\" \/>\n<script type=\"application\/ld+json\" class=\"yoast-schema-graph\">{\"@context\":\"https:\/\/schema.org\",\"@graph\":[{\"@type\":\"WebPage\",\"@id\":\"https:\/\/abadestriana.com\/fr\/politique-de-confidentialite\/\",\"url\":\"https:\/\/abadestriana.com\/fr\/politique-de-confidentialite\/\",\"name\":\"Politique de confidentialit\u00e9 - Abades Triana Restaurante\",\"isPartOf\":{\"@id\":\"https:\/\/abadestriana.com\/fr\/#website\"},\"datePublished\":\"2024-04-25T12:13:31+00:00\",\"dateModified\":\"2024-06-25T14:33:53+00:00\",\"breadcrumb\":{\"@id\":\"https:\/\/abadestriana.com\/fr\/politique-de-confidentialite\/#breadcrumb\"},\"inLanguage\":\"fr-FR\",\"potentialAction\":[{\"@type\":\"ReadAction\",\"target\":[\"https:\/\/abadestriana.com\/fr\/politique-de-confidentialite\/\"]}]},{\"@type\":\"BreadcrumbList\",\"@id\":\"https:\/\/abadestriana.com\/fr\/politique-de-confidentialite\/#breadcrumb\",\"itemListElement\":[{\"@type\":\"ListItem\",\"position\":1,\"name\":\"Home\",\"item\":\"https:\/\/abadestriana.com\/fr\/\"},{\"@type\":\"ListItem\",\"position\":2,\"name\":\"Politique de confidentialit\u00e9\"}]},{\"@type\":\"WebSite\",\"@id\":\"https:\/\/abadestriana.com\/fr\/#website\",\"url\":\"https:\/\/abadestriana.com\/fr\/\",\"name\":\"Abades Triana Restaurante\",\"description\":\"Abades Triana es uno de los mejores restaurantes de Sevilla y el m\u00e1s reservado de toda la ciudad. A orillas del r\u00edo Guadalquivir frente a la Torre del Oro.\",\"potentialAction\":[{\"@type\":\"SearchAction\",\"target\":{\"@type\":\"EntryPoint\",\"urlTemplate\":\"https:\/\/abadestriana.com\/fr\/?s={search_term_string}\"},\"query-input\":{\"@type\":\"PropertyValueSpecification\",\"valueRequired\":true,\"valueName\":\"search_term_string\"}}],\"inLanguage\":\"fr-FR\"}]}<\/script>\n<!-- \/ Yoast SEO plugin. -->","yoast_head_json":{"title":"Politique de confidentialit\u00e9 - Abades Triana Restaurante","robots":{"index":"noindex","follow":"follow"},"og_locale":"fr_FR","og_type":"article","og_title":"Politique de confidentialit\u00e9 - Abades Triana Restaurante","og_description":"Nous respectons les dispositions des obligations \u00e9nonc\u00e9es au deuxi\u00e8me paragraphe de l&rsquo;article 22 de la loi 34\/2002, du 11 juillet, sur les services de la soci\u00e9t\u00e9 de l&rsquo;information et le commerce \u00e9lectronique (ci-apr\u00e8s, LSSI), en relation avec le r\u00e8glement (UE) 2016\/679 du Parlement europ\u00e9en et du Conseil, du 27 avril 2016, Protection g\u00e9n\u00e9rale des donn\u00e9es","og_url":"https:\/\/abadestriana.com\/fr\/politique-de-confidentialite\/","og_site_name":"Abades Triana Restaurante","article_modified_time":"2024-06-25T14:33:53+00:00","twitter_card":"summary_large_image","twitter_misc":{"Dur\u00e9e de lecture estim\u00e9e":"18 minutes"},"schema":{"@context":"https:\/\/schema.org","@graph":[{"@type":"WebPage","@id":"https:\/\/abadestriana.com\/fr\/politique-de-confidentialite\/","url":"https:\/\/abadestriana.com\/fr\/politique-de-confidentialite\/","name":"Politique de confidentialit\u00e9 - Abades Triana Restaurante","isPartOf":{"@id":"https:\/\/abadestriana.com\/fr\/#website"},"datePublished":"2024-04-25T12:13:31+00:00","dateModified":"2024-06-25T14:33:53+00:00","breadcrumb":{"@id":"https:\/\/abadestriana.com\/fr\/politique-de-confidentialite\/#breadcrumb"},"inLanguage":"fr-FR","potentialAction":[{"@type":"ReadAction","target":["https:\/\/abadestriana.com\/fr\/politique-de-confidentialite\/"]}]},{"@type":"BreadcrumbList","@id":"https:\/\/abadestriana.com\/fr\/politique-de-confidentialite\/#breadcrumb","itemListElement":[{"@type":"ListItem","position":1,"name":"Home","item":"https:\/\/abadestriana.com\/fr\/"},{"@type":"ListItem","position":2,"name":"Politique de confidentialit\u00e9"}]},{"@type":"WebSite","@id":"https:\/\/abadestriana.com\/fr\/#website","url":"https:\/\/abadestriana.com\/fr\/","name":"Abades Triana Restaurante","description":"Abades Triana es uno de los mejores restaurantes de Sevilla y el m\u00e1s reservado de toda la ciudad. A orillas del r\u00edo Guadalquivir frente a la Torre del Oro.","potentialAction":[{"@type":"SearchAction","target":{"@type":"EntryPoint","urlTemplate":"https:\/\/abadestriana.com\/fr\/?s={search_term_string}"},"query-input":{"@type":"PropertyValueSpecification","valueRequired":true,"valueName":"search_term_string"}}],"inLanguage":"fr-FR"}]}},"_links":{"self":[{"href":"https:\/\/abadestriana.com\/fr\/wp-json\/wp\/v2\/pages\/1193","targetHints":{"allow":["GET"]}}],"collection":[{"href":"https:\/\/abadestriana.com\/fr\/wp-json\/wp\/v2\/pages"}],"about":[{"href":"https:\/\/abadestriana.com\/fr\/wp-json\/wp\/v2\/types\/page"}],"author":[{"embeddable":true,"href":"https:\/\/abadestriana.com\/fr\/wp-json\/wp\/v2\/users\/1"}],"replies":[{"embeddable":true,"href":"https:\/\/abadestriana.com\/fr\/wp-json\/wp\/v2\/comments?post=1193"}],"version-history":[{"count":1,"href":"https:\/\/abadestriana.com\/fr\/wp-json\/wp\/v2\/pages\/1193\/revisions"}],"predecessor-version":[{"id":1194,"href":"https:\/\/abadestriana.com\/fr\/wp-json\/wp\/v2\/pages\/1193\/revisions\/1194"}],"wp:attachment":[{"href":"https:\/\/abadestriana.com\/fr\/wp-json\/wp\/v2\/media?parent=1193"}],"curies":[{"name":"wp","href":"https:\/\/api.w.org\/{rel}","templated":true}]}}