{"id":1166,"date":"2024-04-25T14:13:19","date_gmt":"2024-04-25T12:13:19","guid":{"rendered":"http:\/\/restauranteabadestriana.test\/avis-juridique\/"},"modified":"2024-08-01T10:22:12","modified_gmt":"2024-08-01T08:22:12","slug":"avis-juridique","status":"publish","type":"page","link":"https:\/\/abadestriana.com\/fr\/avis-juridique\/","title":{"rendered":"Avis juridique"},"content":{"rendered":"\n<h1 class=\"wp-block-heading has-text-align-center is-style-heading-2\">Avis juridique<\/h1>\n\n<p><em>Nous respectons les dispositions des obligations \u00e9nonc\u00e9es au deuxi\u00e8me paragraphe de l&rsquo;article 22 de la loi 34\/2002, du 11 juillet, sur les services de la soci\u00e9t\u00e9 de l&rsquo;information et le commerce \u00e9lectronique (ci-apr\u00e8s, LSSI), en relation avec le r\u00e8glement (UE) 2016\/679 du Parlement europ\u00e9en et du Conseil, du 27 avril 2016, Protection g\u00e9n\u00e9rale des donn\u00e9es (ci-apr\u00e8s, RGPD) et la loi organique 3\/2018, du 5 d\u00e9cembre, sur la protection des donn\u00e9es et la garantie des droits num\u00e9riques (ci-apr\u00e8s, LOPDGDD).<\/em><\/p>\n\n<p>Nous vous informons que l&rsquo;acc\u00e8s et l&rsquo;utilisation du site web sont soumis aux pr\u00e9sentes conditions g\u00e9n\u00e9rales d&rsquo;utilisation et nous vous recommandons donc de les lire. En tant qu&rsquo;utilisateur, vous vous engagez \u00e0 l&rsquo;utiliser conform\u00e9ment \u00e0 ce qui est \u00e9tabli ici, ainsi qu&rsquo;aux dispositions l\u00e9gales en vigueur au moment de son utilisation.<\/p>\n\n<p>Conform\u00e9ment \u00e0 l&rsquo;article 10 de la loi 34\/2002, du 11 juillet, sur les services de la soci\u00e9t\u00e9 de l&rsquo;information et le commerce \u00e9lectronique, les donn\u00e9es d&rsquo;identification suivantes sont indiqu\u00e9es ci-dessous.<\/p>\n\n<h3 class=\"wp-block-heading\">1. DONN\u00c9ES D&rsquo;IDENTIFICATION<\/h3>\n\n<ul class=\"wp-block-list\">\n<li><strong>Nom de l&rsquo;entreprise :<\/strong> UNION DE EMPRESAS ABADES,S.L.<\/li>\n\n\n\n<li><strong>Nom commercial :<\/strong> GRUPO ABADES<\/li>\n\n\n\n<li><strong>NUM\u00c9RO DE TVA :<\/strong> B19510510<\/li>\n\n\n\n<li><strong>Si\u00e8ge social :<\/strong> Autov\u00eda A92 &#8211; Km 189. 3\u00aa Planta CP 18300 Loja &#8211; Granada (Espagne)<\/li>\n\n\n\n<li><strong>Num\u00e9ro de t\u00e9l\u00e9phone de contact :<\/strong> +34 958 327 200<\/li>\n\n\n\n<li><strong>Courriel de contact : <\/strong><a href=\"mailto:abades@abades.com\">abades@abades.com<\/a><\/li>\n\n\n\n<li><strong>Enregistrement de la soci\u00e9t\u00e9 :<\/strong> Registre des soci\u00e9t\u00e9s de Grenade, volume : 1477, livre : 0, folio : 196, page : GR-42477, entr\u00e9e 1.<\/li>\n\n\n\n<li><a href=\"https:\/\/www.abades.com\/dominios-empresas\/\" target=\"_blank\" rel=\"noreferrer noopener\">Domaines appartenant \u00e0 Grupo Abades <\/a>(ci-apr\u00e8s \u00ab\u00a0le site web\u00a0\u00bb).<\/li>\n<\/ul>\n\n<h3 class=\"wp-block-heading\">2. OBJET<\/h3>\n\n<p>Le site Web est la propri\u00e9t\u00e9 de UNION DE EMPRESAS ABADES,S.L. (ci-apr\u00e8s le fournisseur) et son objectif est de diffuser et de fournir nos services. Nous vous fournissons ce document afin de respecter les obligations pr\u00e9vues par la loi 34\/2002 sur les services de la soci\u00e9t\u00e9 de l&rsquo;information et le commerce \u00e9lectronique (LSSI-CE) et de vous informer des conditions g\u00e9n\u00e9rales d&rsquo;utilisation du site Web.<\/p>\n\n<h3 class=\"wp-block-heading\">3. CONDITIONS D&rsquo;UTILISATION<\/h3>\n\n<p>Le contenu et les services disponibles sur le site web sont soumis aux pr\u00e9sentes conditions g\u00e9n\u00e9rales d&rsquo;utilisation et \u00e0 la politique relative au traitement des donn\u00e9es \u00e0 caract\u00e8re personnel (ci-apr\u00e8s \u00ab\u00a0politique de confidentialit\u00e9\u00a0\u00bb). En acc\u00e9dant \u00e0 ce site ou en l&rsquo;utilisant, vous devenez un \u00ab\u00a0utilisateur\u00a0\u00bb et vous acceptez sans r\u00e9serve l&rsquo;ensemble des pr\u00e9sentes conditions. Nous nous r\u00e9servons le droit de les modifier \u00e0 tout moment, il est donc de votre responsabilit\u00e9 de les lire attentivement chaque fois que vous y acc\u00e9dez. Si vous n&rsquo;\u00eates pas d&rsquo;accord avec l&rsquo;une d&rsquo;entre elles, vous devez vous abstenir de les utiliser.<\/p>\n\n<p>Nous vous avertissons \u00e9galement que, parfois, des conditions sp\u00e9ciales peuvent \u00eatre \u00e9tablies pour l&rsquo;utilisation de contenus et\/ou de services sp\u00e9cifiques sur le site web, l&rsquo;utilisation de ces contenus ou services impliquant l&rsquo;acceptation des conditions sp\u00e9ciales qui y sont sp\u00e9cifi\u00e9es.<\/p>\n\n<h3 class=\"wp-block-heading\">4. RESPONSABILIT\u00c9 DU PRESTATAIRE ET FORCE MAJEURE<\/h3>\n\n<p>Nous pouvons interrompre le service ou mettre fin imm\u00e9diatement \u00e0 la relation avec l&rsquo;utilisateur si nous constatons que l&rsquo;utilisation du site web ou de l&rsquo;un des services qu&rsquo;il propose est contraire aux pr\u00e9sentes conditions g\u00e9n\u00e9rales d&rsquo;utilisation.<\/p>\n\n<p>Nous avons examin\u00e9 et test\u00e9 ce site web pour nous assurer qu&rsquo;il fonctionne correctement. En principe, nous pouvons garantir un fonctionnement correct 365 jours par an, 24 heures par jour. Toutefois, nous n&rsquo;excluons pas la possibilit\u00e9 d&rsquo;un cas de force majeure ou de circonstances impr\u00e9vues rendant l&rsquo;acc\u00e8s au site impossible. Par cons\u00e9quent, nous ne garantissons pas l&rsquo;acc\u00e8s continu, ni la visualisation, le t\u00e9l\u00e9chargement ou l&rsquo;utilisation corrects des \u00e9l\u00e9ments et des informations qu&rsquo;ils contiennent, qui peuvent \u00eatre entrav\u00e9s, g\u00ean\u00e9s ou interrompus par des facteurs ou des circonstances \u00e9chappant \u00e0 notre contr\u00f4le.<\/p>\n\n<p>Nous ne sommes pas responsables des dommages, pertes, r\u00e9clamations ou d\u00e9penses r\u00e9sultant de l&rsquo;utilisation du site web. Nous ne sommes responsables que de la suppression, dans les meilleurs d\u00e9lais, des contenus susceptibles de causer de tels dommages, \u00e0 condition que nous en soyons inform\u00e9s.<\/p>\n\n<p>En particulier, nous ne sommes pas responsables des dommages pouvant r\u00e9sulter, entre autres, de ce qui suit :<\/p>\n\n<ul class=\"wp-block-list\">\n<li>Interf\u00e9rences, interruptions, d\u00e9faillances, omissions, pannes t\u00e9l\u00e9phoniques, retards, blocages ou d\u00e9connexions dans le fonctionnement du syst\u00e8me \u00e9lectronique, caus\u00e9s par des d\u00e9ficiences, des surcharges et des erreurs dans les lignes et r\u00e9seaux de t\u00e9l\u00e9communications, ou toute autre cause ind\u00e9pendante de notre volont\u00e9.<\/li>\n\n\n\n<li>Interf\u00e9rence ill\u00e9gale par l&rsquo;utilisation de logiciels malveillants de toute nature et par tout moyen de communication, tels que les virus informatiques ou tout autre moyen.<\/li>\n\n\n\n<li>l&rsquo;utilisation abusive ou inappropri\u00e9e du site web.<\/li>\n\n\n\n<li>Erreurs de s\u00e9curit\u00e9 ou de navigation dues \u00e0 un mauvais fonctionnement du navigateur ou \u00e0 l&rsquo;utilisation de versions non mises \u00e0 jour de celui-ci.<\/li>\n\n\n\n<li>Conflits sociaux, gr\u00e8ves, r\u00e9bellions, explosions, inondations, actes et omissions des gouvernements.<\/li>\n<\/ul>\n\n<p>Nous d\u00e9clinons toute responsabilit\u00e9 pour les informations publi\u00e9es sur le site web dans la mesure o\u00f9 ces informations ont \u00e9t\u00e9 manipul\u00e9es ou introduites par un tiers ext\u00e9rieur \u00e0 celui-ci, pour les informations et le contenu stock\u00e9s, y compris, mais sans s&rsquo;y limiter, dans les forums, les chats, les g\u00e9n\u00e9rateurs de blogs, les commentaires, les r\u00e9seaux sociaux ou tout autre support permettant \u00e0 des tiers de publier du contenu de mani\u00e8re ind\u00e9pendante sur notre site web. Toutefois, et conform\u00e9ment aux dispositions des articles 11 et 16 de la LSSICE, il se met \u00e0 la disposition de tous les utilisateurs, autorit\u00e9s et forces de s\u00e9curit\u00e9, en collaborant activement au retrait ou, le cas \u00e9ch\u00e9ant, au blocage de tout contenu susceptible d&rsquo;affecter ou de contrevenir \u00e0 la l\u00e9gislation nationale ou internationale, aux droits des tiers ou \u00e0 la morale et \u00e0 l&rsquo;ordre public.<\/p>\n\n<h3 class=\"wp-block-heading\">5. OBLIGATIONS DE L&rsquo;UTILISATEUR<\/h3>\n\n<p>En tant qu&rsquo;utilisateur, vous acceptez<\/p>\n\n<ul class=\"wp-block-list\">\n<li>Faire un usage appropri\u00e9 et licite du site web, ainsi que de ses contenus et services, conform\u00e9ment \u00e0 la l\u00e9gislation applicable \u00e0 tout moment, aux conditions g\u00e9n\u00e9rales d&rsquo;utilisation du site web, \u00e0 la morale et aux bonnes coutumes g\u00e9n\u00e9ralement accept\u00e9es et \u00e0 l&rsquo;ordre public.<\/li>\n\n\n\n<li>Fournir des informations v\u00e9ridiques lorsque vous remplissez les formulaires contenus sur le site Web avec vos donn\u00e9es personnelles et les mettre \u00e0 jour \u00e0 tout moment afin qu&rsquo;elles correspondent \u00e0 votre situation r\u00e9elle.<\/li>\n<\/ul>\n\n<p>Vous serez seul responsable de toute d\u00e9claration fausse ou inexacte que vous ferez et de tout dommage que vous nous causerez ou que vous causerez \u00e0 des tiers du fait des informations fournies.<\/p>\n\n<p>De m\u00eame, vous devez vous abstenir de faire un usage non autoris\u00e9 ou frauduleux du site web et\/ou de ses contenus \u00e0 des fins ou effets illicites, interdits dans les pr\u00e9sentes conditions g\u00e9n\u00e9rales d&rsquo;utilisation, pr\u00e9judiciables aux droits et int\u00e9r\u00eats de tiers, ou qui, de quelque mani\u00e8re que ce soit, pourraient endommager, rendre inutilisable, surcharger, d\u00e9t\u00e9riorer ou emp\u00eacher l&rsquo;utilisation normale des services ou des documents, fichiers et tous types de contenus stock\u00e9s dans n&rsquo;importe quel \u00e9quipement informatique.<\/p>\n\n<p>Si vous ne respectez pas, par n\u00e9gligence ou d\u00e9lib\u00e9r\u00e9ment, l&rsquo;une des obligations \u00e9nonc\u00e9es dans les pr\u00e9sentes conditions g\u00e9n\u00e9rales d&rsquo;utilisation, vous serez responsable de tous les dommages que nous pourrions subir du fait de ce non-respect.<\/p>\n\n<h3 class=\"wp-block-heading\">6. LIENS HYPER<\/h3>\n\n<p>Le site web peut inclure des liens vers d&rsquo;autres sites web exploit\u00e9s par des tiers, dont nous ne contr\u00f4lons pas le contenu et pour lesquels nous ne pouvons accepter aucune responsabilit\u00e9. Dans tous les cas, nous supprimerons imm\u00e9diatement la redirection vers ledit site web et tout contenu susceptible de contrevenir \u00e0 la l\u00e9gislation nationale ou internationale, \u00e0 la morale ou \u00e0 l&rsquo;ordre public, en portant le contenu en question \u00e0 l&rsquo;attention des autorit\u00e9s comp\u00e9tentes.<\/p>\n\n<h3 class=\"wp-block-heading\">7. PROPRI\u00c9T\u00c9 INTELLECTUELLE ET INDUSTRIELLE<\/h3>\n\n<p>Le site Web, y compris, mais sans s&rsquo;y limiter, sa programmation, son \u00e9dition, sa compilation et les autres \u00e9l\u00e9ments n\u00e9cessaires \u00e0 son fonctionnement, les dessins, les logos, les textes et\/ou les graphiques, est la propri\u00e9t\u00e9 du fournisseur ou, le cas \u00e9ch\u00e9ant, fait l&rsquo;objet d&rsquo;une licence ou d&rsquo;une autorisation de la part des auteurs. Tous les contenus du site Web sont d\u00fbment prot\u00e9g\u00e9s par la r\u00e9glementation en mati\u00e8re de propri\u00e9t\u00e9 intellectuelle et industrielle, et sont inscrits dans les registres publics correspondants.<\/p>\n\n<p>Quelle que soit la finalit\u00e9 pour laquelle ils ont \u00e9t\u00e9 con\u00e7us, la reproduction, l&rsquo;utilisation, l&rsquo;exploitation, la distribution et la commercialisation, totales ou partielles, n\u00e9cessitent en tout \u00e9tat de cause notre autorisation \u00e9crite pr\u00e9alable. Toute utilisation non autoris\u00e9e est consid\u00e9r\u00e9e comme une violation grave des droits de propri\u00e9t\u00e9 intellectuelle ou industrielle de l&rsquo;auteur.<\/p>\n\n<p>Les dessins, logos, textes et\/ou graphiques qui n&rsquo;appartiennent pas au fournisseur et qui peuvent appara\u00eetre sur le site Web appartiennent \u00e0 leurs propri\u00e9taires respectifs, qui sont responsables de toute controverse \u00e9ventuelle \u00e0 leur sujet.<\/p>\n\n<p>Pour faire des commentaires sur d&rsquo;\u00e9ventuelles violations des droits de propri\u00e9t\u00e9 intellectuelle ou industrielle, ainsi que sur tout contenu du site Web, vous pouvez envoyer un courrier \u00e9lectronique \u00e0 <a href=\"mailto:abades@abades.com\">abades@abades.com<\/a>.<\/p>\n\n<h3 class=\"wp-block-heading\">8. DUR\u00c9E, SUSPENSION, R\u00c9SILIATION ET COMP\u00c9TENCE<\/h3>\n\n<p>La fourniture du service de ce site web et des autres services a en principe une dur\u00e9e ind\u00e9termin\u00e9e. Toutefois, nous pouvons mettre fin ou suspendre l&rsquo;un des services offerts et nous vous en informerons dans la mesure du possible.<\/p>\n\n<p>Les pr\u00e9sentes conditions g\u00e9n\u00e9rales d&rsquo;utilisation, ainsi que l&rsquo;utilisation du site Web, sont r\u00e9gies par la l\u00e9gislation espagnole. Tout litige sera r\u00e9solu devant les cours et tribunaux comp\u00e9tents.<\/p>\n\n<p>Dans le cas o\u00f9 une disposition des pr\u00e9sentes conditions g\u00e9n\u00e9rales d&rsquo;utilisation serait inapplicable ou nulle en vertu du droit applicable ou \u00e0 la suite d&rsquo;une d\u00e9cision judiciaire ou administrative, cette inapplicabilit\u00e9 ou cette nullit\u00e9 ne rendra pas les pr\u00e9sentes conditions g\u00e9n\u00e9rales d&rsquo;utilisation inapplicables ou nulles dans leur ensemble. Dans ce cas, nous modifierons ou remplacerons cette stipulation par une stipulation valide et applicable qui, dans la mesure du possible, atteindra l&rsquo;objectif et l&rsquo;intention refl\u00e9t\u00e9s dans la stipulation originale.<\/p>\n\n<h3 class=\"wp-block-heading\">9. POLITIQUE EN MATI\u00c8RE DE PROTECTION DE LA VIE PRIV\u00c9E<\/h3>\n\n<p>Conform\u00e9ment aux dispositions de la l\u00e9gislation applicable en mati\u00e8re de protection des donn\u00e9es, toutes les donn\u00e9es personnelles fournies par l&rsquo;utilisateur par le biais des formulaires correspondants lors de l&rsquo;utilisation du site Web seront trait\u00e9es par le fournisseur conform\u00e9ment aux dispositions de la politique de confidentialit\u00e9 du site Web.<\/p>\n\n<p>Le prestataire traitera les donn\u00e9es personnelles de l&rsquo;utilisateur de mani\u00e8re confidentielle et conform\u00e9ment \u00e0 la r\u00e9glementation applicable en mati\u00e8re de protection des donn\u00e9es et ne les divulguera pas \u00e0 des tiers, sauf si cela est n\u00e9cessaire pour l&rsquo;ex\u00e9cution des obligations contractuelles et en vertu d&rsquo;une obligation l\u00e9gale.<\/p>\n\n<p><strong>INFORMATIONS DE BASE SUR LA POLITIQUE DE CONFIDENTIALIT\u00c9<\/strong><\/p>\n\n<p>Responsable : UNI\u00d3N DE EMPRESAS ABADES,S.L. ( Grupo Abades)<\/p>\n\n<p>Objectif : fournir les services offerts par le biais du site Web ou s&rsquo;occuper d&rsquo;autres types de relations qui peuvent na\u00eetre avec le prestataire \u00e0 la suite de demandes, de formalit\u00e9s ou de proc\u00e9dures que l&rsquo;utilisateur effectue par le biais du site Web.<\/p>\n\n<p>L\u00e9gitimation : conform\u00e9ment aux dispositions du r\u00e8glement (UE) 2016\/679 et de la LOPDGDD 3\/2018.<\/p>\n\n<p>Consentement de la personne concern\u00e9e<\/p>\n\n<p>Respect des obligations l\u00e9gales<\/p>\n\n<p>Ex\u00e9cution d&rsquo;un contrat ou d&rsquo;un pr\u00e9contrat.<\/p>\n\n<p>Destinataires : Tiers \u00e9ventuels pour le d\u00e9veloppement, le maintien et le contr\u00f4le de la relation juridique \u00e9tablie lorsqu&rsquo;il existe une autorisation l\u00e9gale de l&rsquo;utilisateur \u00e0 cet effet, administration publique comp\u00e9tente en la mati\u00e8re et entit\u00e9s li\u00e9es \u00e0 l&rsquo;ex\u00e9cution des obligations contract\u00e9es.<\/p>\n\n<p>Les droits : Acc\u00e8s, rectification, suppression, portabilit\u00e9, limitation et opposition. Vous avez \u00e9galement le droit de vous opposer \u00e0 recevoir des communications de notre part et de r\u00e9voquer votre consentement \u00e0 tout moment.<\/p>\n\n<p>Informations compl\u00e9mentaires : Vous pouvez obtenir toutes les informations compl\u00e9mentaires et d\u00e9taill\u00e9es sur le traitement et la protection de vos donn\u00e9es personnelles en cliquant sur ce <a href=\"https:\/\/abadestriana.com\/privacidad\/\">lien<\/a>.<\/p>\n","protected":false},"excerpt":{"rendered":"<p>Avis juridique Nous respectons les dispositions des obligations \u00e9nonc\u00e9es au deuxi\u00e8me paragraphe de l&rsquo;article 22 de la loi 34\/2002, du 11 juillet, sur les services de la soci\u00e9t\u00e9 de l&rsquo;information et le commerce \u00e9lectronique (ci-apr\u00e8s, LSSI), en relation avec le r\u00e8glement (UE) 2016\/679 du Parlement europ\u00e9en et du Conseil, du 27 avril 2016, Protection g\u00e9n\u00e9rale <\/p>\n","protected":false},"author":1,"featured_media":0,"parent":0,"menu_order":0,"comment_status":"closed","ping_status":"closed","template":"","meta":{"_acf_changed":false,"inline_featured_image":false,"footnotes":""},"class_list":["post-1166","page","type-page","status-publish","hentry"],"acf":[],"yoast_head":"<!-- This site is optimized with the Yoast SEO plugin v26.8 - https:\/\/yoast.com\/product\/yoast-seo-wordpress\/ -->\n<title>Avis juridique - Abades Triana Restaurante<\/title>\n<meta name=\"robots\" content=\"noindex, follow\" \/>\n<meta property=\"og:locale\" content=\"fr_FR\" \/>\n<meta property=\"og:type\" content=\"article\" \/>\n<meta property=\"og:title\" content=\"Avis juridique - Abades Triana Restaurante\" \/>\n<meta property=\"og:description\" content=\"Avis juridique Nous respectons les dispositions des obligations \u00e9nonc\u00e9es au deuxi\u00e8me paragraphe de l&rsquo;article 22 de la loi 34\/2002, du 11 juillet, sur les services de la soci\u00e9t\u00e9 de l&rsquo;information et le commerce \u00e9lectronique (ci-apr\u00e8s, LSSI), en relation avec le r\u00e8glement (UE) 2016\/679 du Parlement europ\u00e9en et du Conseil, du 27 avril 2016, Protection g\u00e9n\u00e9rale\" \/>\n<meta property=\"og:url\" content=\"https:\/\/abadestriana.com\/fr\/avis-juridique\/\" \/>\n<meta property=\"og:site_name\" content=\"Abades Triana Restaurante\" \/>\n<meta property=\"article:modified_time\" content=\"2024-08-01T08:22:12+00:00\" \/>\n<meta name=\"twitter:card\" content=\"summary_large_image\" \/>\n<meta name=\"twitter:label1\" content=\"Dur\u00e9e de lecture estim\u00e9e\" \/>\n\t<meta name=\"twitter:data1\" content=\"10 minutes\" \/>\n<script type=\"application\/ld+json\" class=\"yoast-schema-graph\">{\"@context\":\"https:\/\/schema.org\",\"@graph\":[{\"@type\":\"WebPage\",\"@id\":\"https:\/\/abadestriana.com\/fr\/avis-juridique\/\",\"url\":\"https:\/\/abadestriana.com\/fr\/avis-juridique\/\",\"name\":\"Avis juridique - Abades Triana Restaurante\",\"isPartOf\":{\"@id\":\"https:\/\/abadestriana.com\/fr\/#website\"},\"datePublished\":\"2024-04-25T12:13:19+00:00\",\"dateModified\":\"2024-08-01T08:22:12+00:00\",\"breadcrumb\":{\"@id\":\"https:\/\/abadestriana.com\/fr\/avis-juridique\/#breadcrumb\"},\"inLanguage\":\"fr-FR\",\"potentialAction\":[{\"@type\":\"ReadAction\",\"target\":[\"https:\/\/abadestriana.com\/fr\/avis-juridique\/\"]}]},{\"@type\":\"BreadcrumbList\",\"@id\":\"https:\/\/abadestriana.com\/fr\/avis-juridique\/#breadcrumb\",\"itemListElement\":[{\"@type\":\"ListItem\",\"position\":1,\"name\":\"Home\",\"item\":\"https:\/\/abadestriana.com\/fr\/\"},{\"@type\":\"ListItem\",\"position\":2,\"name\":\"Avis juridique\"}]},{\"@type\":\"WebSite\",\"@id\":\"https:\/\/abadestriana.com\/fr\/#website\",\"url\":\"https:\/\/abadestriana.com\/fr\/\",\"name\":\"Abades Triana Restaurante\",\"description\":\"Abades Triana es uno de los mejores restaurantes de Sevilla y el m\u00e1s reservado de toda la ciudad. A orillas del r\u00edo Guadalquivir frente a la Torre del Oro.\",\"potentialAction\":[{\"@type\":\"SearchAction\",\"target\":{\"@type\":\"EntryPoint\",\"urlTemplate\":\"https:\/\/abadestriana.com\/fr\/?s={search_term_string}\"},\"query-input\":{\"@type\":\"PropertyValueSpecification\",\"valueRequired\":true,\"valueName\":\"search_term_string\"}}],\"inLanguage\":\"fr-FR\"}]}<\/script>\n<!-- \/ Yoast SEO plugin. -->","yoast_head_json":{"title":"Avis juridique - Abades Triana Restaurante","robots":{"index":"noindex","follow":"follow"},"og_locale":"fr_FR","og_type":"article","og_title":"Avis juridique - Abades Triana Restaurante","og_description":"Avis juridique Nous respectons les dispositions des obligations \u00e9nonc\u00e9es au deuxi\u00e8me paragraphe de l&rsquo;article 22 de la loi 34\/2002, du 11 juillet, sur les services de la soci\u00e9t\u00e9 de l&rsquo;information et le commerce \u00e9lectronique (ci-apr\u00e8s, LSSI), en relation avec le r\u00e8glement (UE) 2016\/679 du Parlement europ\u00e9en et du Conseil, du 27 avril 2016, Protection g\u00e9n\u00e9rale","og_url":"https:\/\/abadestriana.com\/fr\/avis-juridique\/","og_site_name":"Abades Triana Restaurante","article_modified_time":"2024-08-01T08:22:12+00:00","twitter_card":"summary_large_image","twitter_misc":{"Dur\u00e9e de lecture estim\u00e9e":"10 minutes"},"schema":{"@context":"https:\/\/schema.org","@graph":[{"@type":"WebPage","@id":"https:\/\/abadestriana.com\/fr\/avis-juridique\/","url":"https:\/\/abadestriana.com\/fr\/avis-juridique\/","name":"Avis juridique - Abades Triana Restaurante","isPartOf":{"@id":"https:\/\/abadestriana.com\/fr\/#website"},"datePublished":"2024-04-25T12:13:19+00:00","dateModified":"2024-08-01T08:22:12+00:00","breadcrumb":{"@id":"https:\/\/abadestriana.com\/fr\/avis-juridique\/#breadcrumb"},"inLanguage":"fr-FR","potentialAction":[{"@type":"ReadAction","target":["https:\/\/abadestriana.com\/fr\/avis-juridique\/"]}]},{"@type":"BreadcrumbList","@id":"https:\/\/abadestriana.com\/fr\/avis-juridique\/#breadcrumb","itemListElement":[{"@type":"ListItem","position":1,"name":"Home","item":"https:\/\/abadestriana.com\/fr\/"},{"@type":"ListItem","position":2,"name":"Avis juridique"}]},{"@type":"WebSite","@id":"https:\/\/abadestriana.com\/fr\/#website","url":"https:\/\/abadestriana.com\/fr\/","name":"Abades Triana Restaurante","description":"Abades Triana es uno de los mejores restaurantes de Sevilla y el m\u00e1s reservado de toda la ciudad. A orillas del r\u00edo Guadalquivir frente a la Torre del Oro.","potentialAction":[{"@type":"SearchAction","target":{"@type":"EntryPoint","urlTemplate":"https:\/\/abadestriana.com\/fr\/?s={search_term_string}"},"query-input":{"@type":"PropertyValueSpecification","valueRequired":true,"valueName":"search_term_string"}}],"inLanguage":"fr-FR"}]}},"_links":{"self":[{"href":"https:\/\/abadestriana.com\/fr\/wp-json\/wp\/v2\/pages\/1166","targetHints":{"allow":["GET"]}}],"collection":[{"href":"https:\/\/abadestriana.com\/fr\/wp-json\/wp\/v2\/pages"}],"about":[{"href":"https:\/\/abadestriana.com\/fr\/wp-json\/wp\/v2\/types\/page"}],"author":[{"embeddable":true,"href":"https:\/\/abadestriana.com\/fr\/wp-json\/wp\/v2\/users\/1"}],"replies":[{"embeddable":true,"href":"https:\/\/abadestriana.com\/fr\/wp-json\/wp\/v2\/comments?post=1166"}],"version-history":[{"count":1,"href":"https:\/\/abadestriana.com\/fr\/wp-json\/wp\/v2\/pages\/1166\/revisions"}],"predecessor-version":[{"id":1167,"href":"https:\/\/abadestriana.com\/fr\/wp-json\/wp\/v2\/pages\/1166\/revisions\/1167"}],"wp:attachment":[{"href":"https:\/\/abadestriana.com\/fr\/wp-json\/wp\/v2\/media?parent=1166"}],"curies":[{"name":"wp","href":"https:\/\/api.w.org\/{rel}","templated":true}]}}